{"id":434,"date":"2021-03-18T15:06:35","date_gmt":"2021-03-18T15:06:35","guid":{"rendered":"https:\/\/www.amalfiflat.it\/?page_id=434"},"modified":"2021-05-22T10:17:59","modified_gmt":"2021-05-22T10:17:59","slug":"minori-costiera-amalfitana","status":"publish","type":"page","link":"https:\/\/www.amalfiflat.it\/?page_id=434","title":{"rendered":"Minori"},"content":{"rendered":"\t\t<div data-elementor-type=\"wp-page\" data-elementor-id=\"434\" class=\"elementor elementor-434\" data-elementor-settings=\"[]\">\n\t\t\t\t\t\t\t<div class=\"elementor-section-wrap\">\n\t\t\t\t\t\t\t<section class=\"elementor-section elementor-top-section elementor-element elementor-element-28292cd4 elementor-section-height-min-height elementor-hidden-phone elementor-section-boxed elementor-section-height-default elementor-section-items-middle\" data-id=\"28292cd4\" data-element_type=\"section\" data-settings=\"{&quot;background_background&quot;:&quot;classic&quot;}\">\n\t\t\t\t\t\t<div class=\"elementor-container elementor-column-gap-no\">\n\t\t\t\t\t<div class=\"elementor-column elementor-col-50 elementor-top-column elementor-element elementor-element-68936259\" data-id=\"68936259\" data-element_type=\"column\">\n\t\t\t<div class=\"elementor-widget-wrap\">\n\t\t\t\t\t\t\t\t\t<\/div>\n\t\t<\/div>\n\t\t\t\t<div class=\"elementor-column elementor-col-50 elementor-top-column elementor-element elementor-element-2104b6c7\" data-id=\"2104b6c7\" data-element_type=\"column\" data-settings=\"{&quot;background_background&quot;:&quot;classic&quot;}\">\n\t\t\t<div class=\"elementor-widget-wrap\">\n\t\t\t\t\t<div class=\"elementor-background-overlay\"><\/div>\n\t\t\t\t\t\t\t\t\t<\/div>\n\t\t<\/div>\n\t\t\t\t\t\t\t<\/div>\n\t\t<\/section>\n\t\t\t\t<section class=\"elementor-section elementor-top-section elementor-element elementor-element-81c72ef elementor-section-height-min-height elementor-hidden-desktop elementor-hidden-tablet elementor-section-boxed elementor-section-height-default elementor-section-items-middle\" data-id=\"81c72ef\" data-element_type=\"section\" data-settings=\"{&quot;background_background&quot;:&quot;classic&quot;}\">\n\t\t\t\t\t\t<div class=\"elementor-container elementor-column-gap-no\">\n\t\t\t\t\t<div class=\"elementor-column elementor-col-50 elementor-top-column elementor-element elementor-element-7ecd5be\" data-id=\"7ecd5be\" data-element_type=\"column\">\n\t\t\t<div class=\"elementor-widget-wrap\">\n\t\t\t\t\t\t\t\t\t<\/div>\n\t\t<\/div>\n\t\t\t\t<div class=\"elementor-column elementor-col-50 elementor-top-column elementor-element elementor-element-ba38208\" data-id=\"ba38208\" data-element_type=\"column\" data-settings=\"{&quot;background_background&quot;:&quot;classic&quot;}\">\n\t\t\t<div class=\"elementor-widget-wrap\">\n\t\t\t\t\t<div class=\"elementor-background-overlay\"><\/div>\n\t\t\t\t\t\t\t\t\t<\/div>\n\t\t<\/div>\n\t\t\t\t\t\t\t<\/div>\n\t\t<\/section>\n\t\t\t\t<section class=\"elementor-section elementor-top-section elementor-element elementor-element-013a052 elementor-hidden-phone elementor-section-boxed elementor-section-height-default elementor-section-height-default\" data-id=\"013a052\" data-element_type=\"section\">\n\t\t\t\t\t\t<div class=\"elementor-container elementor-column-gap-no\">\n\t\t\t\t\t<div class=\"elementor-column elementor-col-100 elementor-top-column elementor-element elementor-element-eb6bba2\" data-id=\"eb6bba2\" data-element_type=\"column\">\n\t\t\t<div class=\"elementor-widget-wrap elementor-element-populated\">\n\t\t\t\t\t\t\t\t<div class=\"elementor-element elementor-element-fe45362 elementor-absolute elementor-widget elementor-widget-heading\" data-id=\"fe45362\" data-element_type=\"widget\" data-settings=\"{&quot;_position&quot;:&quot;absolute&quot;}\" data-widget_type=\"heading.default\">\n\t\t\t\t<div class=\"elementor-widget-container\">\n\t\t\t<span class=\"elementor-heading-title elementor-size-default\">MINORI<\/span>\t\t<\/div>\n\t\t\t\t<\/div>\n\t\t\t\t<div class=\"elementor-element elementor-element-7c03438 elementor-widget elementor-widget-heading\" data-id=\"7c03438\" data-element_type=\"widget\" data-widget_type=\"heading.default\">\n\t\t\t\t<div class=\"elementor-widget-container\">\n\t\t\t<h1 class=\"elementor-heading-title elementor-size-default\">Minori<\/h1>\t\t<\/div>\n\t\t\t\t<\/div>\n\t\t\t\t<div class=\"elementor-element elementor-element-daa8399 elementor-widget elementor-widget-heading\" data-id=\"daa8399\" data-element_type=\"widget\" data-widget_type=\"heading.default\">\n\t\t\t\t<div class=\"elementor-widget-container\">\n\t\t\t<h2 class=\"elementor-heading-title elementor-size-default\">nel cuore della Costiera Amalfitana<\/h2>\t\t<\/div>\n\t\t\t\t<\/div>\n\t\t\t\t\t<\/div>\n\t\t<\/div>\n\t\t\t\t\t\t\t<\/div>\n\t\t<\/section>\n\t\t\t\t<section class=\"elementor-section elementor-top-section elementor-element elementor-element-e2898da elementor-hidden-desktop elementor-hidden-tablet elementor-section-boxed elementor-section-height-default elementor-section-height-default\" data-id=\"e2898da\" data-element_type=\"section\">\n\t\t\t\t\t\t<div class=\"elementor-container elementor-column-gap-default\">\n\t\t\t\t\t<div class=\"elementor-column elementor-col-100 elementor-top-column elementor-element elementor-element-2c8cf42\" data-id=\"2c8cf42\" data-element_type=\"column\">\n\t\t\t<div class=\"elementor-widget-wrap elementor-element-populated\">\n\t\t\t\t\t\t\t\t<div class=\"elementor-element elementor-element-ea9efbf elementor-widget elementor-widget-heading\" data-id=\"ea9efbf\" data-element_type=\"widget\" data-widget_type=\"heading.default\">\n\t\t\t\t<div class=\"elementor-widget-container\">\n\t\t\t<h1 class=\"elementor-heading-title elementor-size-default\">Minori<\/h1>\t\t<\/div>\n\t\t\t\t<\/div>\n\t\t\t\t<div class=\"elementor-element elementor-element-61caecb elementor-widget elementor-widget-heading\" data-id=\"61caecb\" data-element_type=\"widget\" data-widget_type=\"heading.default\">\n\t\t\t\t<div class=\"elementor-widget-container\">\n\t\t\t<h2 class=\"elementor-heading-title elementor-size-default\">nel cuore della Costiera Amalfitana<\/h2>\t\t<\/div>\n\t\t\t\t<\/div>\n\t\t\t\t\t<\/div>\n\t\t<\/div>\n\t\t\t\t\t\t\t<\/div>\n\t\t<\/section>\n\t\t\t\t<section class=\"elementor-section elementor-top-section elementor-element elementor-element-04c6b24 elementor-section-boxed elementor-section-height-default elementor-section-height-default\" data-id=\"04c6b24\" data-element_type=\"section\">\n\t\t\t\t\t\t<div class=\"elementor-container elementor-column-gap-default\">\n\t\t\t\t\t<div class=\"elementor-column elementor-col-100 elementor-top-column elementor-element elementor-element-09cdea2\" data-id=\"09cdea2\" data-element_type=\"column\">\n\t\t\t<div class=\"elementor-widget-wrap elementor-element-populated\">\n\t\t\t\t\t\t\t\t<div class=\"elementor-element elementor-element-3264267 elementor-widget elementor-widget-text-editor\" data-id=\"3264267\" data-element_type=\"widget\" data-widget_type=\"text-editor.default\">\n\t\t\t\t<div class=\"elementor-widget-container\">\n\t\t\t\t\t\t\t\t<p><strong>Minori<\/strong> \u00e8 un incantevole borgo marinaro della <strong>Costiera Amalfitana<\/strong>, la sua posizione privilegiata e il suo clima temperato la rendono la meta perfetta per trascorrere le vacanze. Passeggiare tra le sue stradine, essere travolti dal profumo delle zagare e dalle specialit\u00e0 della pasticceria locale, passeggiare in riva al mare o tuffarsi nell\u2019acqua cristallina della Costiera regalano momenti di puro relax in questo piccolo borgo.<\/p><p>Minori \u00e8 stata definita come l\u2019antica <strong>\u201cRheginna Minor\u201d<\/strong>, nel corso dei secoli le acque del torrente Reginna Minor hanno favorito il sorgere di fiorenti attivit\u00e0, come mulini e cartiere e in passato \u00e8 stata la meta prediletta dai ceti privilegiati della societ\u00e0 romana come luogo di soggiorno, cos\u00ec come testimonia la villa archeologica.<\/p><p>La sua posizione strategica permette di godere di una spiaggia intima e graziosa, raggiungere i vicini comuni di Maiori, Amalfi a 4 km e Positano a 24km ed \u00e8 collegata alle altre localit\u00e0 della costiera via terra e via mare.<\/p>\t\t\t\t\t\t<\/div>\n\t\t\t\t<\/div>\n\t\t\t\t\t<\/div>\n\t\t<\/div>\n\t\t\t\t\t\t\t<\/div>\n\t\t<\/section>\n\t\t\t\t<section class=\"elementor-section elementor-top-section elementor-element elementor-element-89491cc elementor-section-full_width elementor-section-content-bottom elementor-section-height-default elementor-section-height-default\" data-id=\"89491cc\" data-element_type=\"section\" data-settings=\"{&quot;background_background&quot;:&quot;classic&quot;}\">\n\t\t\t\t\t\t<div class=\"elementor-container elementor-column-gap-no\">\n\t\t\t\t\t<div class=\"elementor-column elementor-col-50 elementor-top-column elementor-element elementor-element-13c289c\" data-id=\"13c289c\" data-element_type=\"column\" data-settings=\"{&quot;background_background&quot;:&quot;classic&quot;}\">\n\t\t\t<div class=\"elementor-widget-wrap elementor-element-populated\">\n\t\t\t\t\t\t\t\t<section class=\"elementor-section elementor-inner-section elementor-element elementor-element-24fc2d7 elementor-section-content-middle elementor-section-boxed elementor-section-height-default elementor-section-height-default\" data-id=\"24fc2d7\" data-element_type=\"section\" data-settings=\"{&quot;background_background&quot;:&quot;classic&quot;}\">\n\t\t\t\t\t\t<div class=\"elementor-container elementor-column-gap-default\">\n\t\t\t\t\t<div class=\"elementor-column elementor-col-50 elementor-inner-column elementor-element elementor-element-6f3364b\" data-id=\"6f3364b\" data-element_type=\"column\">\n\t\t\t<div class=\"elementor-widget-wrap\">\n\t\t\t\t\t\t\t\t\t<\/div>\n\t\t<\/div>\n\t\t\t\t<div class=\"elementor-column elementor-col-50 elementor-inner-column elementor-element elementor-element-35b0ae0\" data-id=\"35b0ae0\" data-element_type=\"column\">\n\t\t\t<div class=\"elementor-widget-wrap\">\n\t\t\t\t\t\t\t\t\t<\/div>\n\t\t<\/div>\n\t\t\t\t\t\t\t<\/div>\n\t\t<\/section>\n\t\t\t\t\t<\/div>\n\t\t<\/div>\n\t\t\t\t<div class=\"elementor-column elementor-col-50 elementor-top-column elementor-element elementor-element-e592aa5\" data-id=\"e592aa5\" data-element_type=\"column\">\n\t\t\t<div class=\"elementor-widget-wrap elementor-element-populated\">\n\t\t\t\t\t\t\t\t<section class=\"elementor-section elementor-inner-section elementor-element elementor-element-b212ff5 elementor-reverse-tablet elementor-reverse-mobile elementor-section-boxed elementor-section-height-default elementor-section-height-default\" data-id=\"b212ff5\" data-element_type=\"section\">\n\t\t\t\t\t\t<div class=\"elementor-container elementor-column-gap-default\">\n\t\t\t\t\t<div class=\"elementor-column elementor-col-100 elementor-inner-column elementor-element elementor-element-0a8de0b\" data-id=\"0a8de0b\" data-element_type=\"column\">\n\t\t\t<div class=\"elementor-widget-wrap elementor-element-populated\">\n\t\t\t\t\t\t\t\t<div class=\"elementor-element elementor-element-200aa33 elementor-widget__width-auto elementor-widget-divider--view-line elementor-widget elementor-widget-divider\" data-id=\"200aa33\" data-element_type=\"widget\" data-widget_type=\"divider.default\">\n\t\t\t\t<div class=\"elementor-widget-container\">\n\t\t\t\t\t<div class=\"elementor-divider\">\n\t\t\t<span class=\"elementor-divider-separator\">\n\t\t\t\t\t\t<\/span>\n\t\t<\/div>\n\t\t\t\t<\/div>\n\t\t\t\t<\/div>\n\t\t\t\t<div class=\"elementor-element elementor-element-08ac0c4 elementor-widget__width-auto elementor-widget elementor-widget-heading\" data-id=\"08ac0c4\" data-element_type=\"widget\" data-widget_type=\"heading.default\">\n\t\t\t\t<div class=\"elementor-widget-container\">\n\t\t\t<h6 class=\"elementor-heading-title elementor-size-default\">Minori<\/h6>\t\t<\/div>\n\t\t\t\t<\/div>\n\t\t\t\t<div class=\"elementor-element elementor-element-f35cc9b elementor-widget elementor-widget-heading\" data-id=\"f35cc9b\" data-element_type=\"widget\" data-widget_type=\"heading.default\">\n\t\t\t\t<div class=\"elementor-widget-container\">\n\t\t\t<h3 class=\"elementor-heading-title elementor-size-default\">Citt\u00e0 del gusto<\/h3>\t\t<\/div>\n\t\t\t\t<\/div>\n\t\t\t\t<div class=\"elementor-element elementor-element-33bfcc6 elementor-widget elementor-widget-text-editor\" data-id=\"33bfcc6\" data-element_type=\"widget\" data-widget_type=\"text-editor.default\">\n\t\t\t\t<div class=\"elementor-widget-container\">\n\t\t\t\t\t\t\t\t<p>Conosciuta anche come la \u201cCitt\u00e0 del Gusto\u201d, Minori \u00e8 il luogo in cui gli abitanti si dedicarono alla lavorazione della pasta alimentare grazie al grano importato da Salerno. Con il passare degli anni, si \u00e8 distinta anche per altri prodotti come il limoncello, finocchietto, fragolino, mandarinetto e in particolar modo per la sua pasticceria.<\/p>\t\t\t\t\t\t<\/div>\n\t\t\t\t<\/div>\n\t\t\t\t<div class=\"elementor-element elementor-element-0954ed1 elementor-widget elementor-widget-text-editor\" data-id=\"0954ed1\" data-element_type=\"widget\" data-widget_type=\"text-editor.default\">\n\t\t\t\t<div class=\"elementor-widget-container\">\n\t\t\t\t\t\t\t\t<p>Durante la manifestazione eno-gastronomica &#8220;Gusta Minori&#8221;, che si tiene nelle prime settimane di settembre, \u00e8 possibile degustare le tipiche specialit\u00e0 minoresi e assistere a rappresentazioni teatrali a tema.<\/p>\t\t\t\t\t\t<\/div>\n\t\t\t\t<\/div>\n\t\t\t\t\t<\/div>\n\t\t<\/div>\n\t\t\t\t\t\t\t<\/div>\n\t\t<\/section>\n\t\t\t\t\t<\/div>\n\t\t<\/div>\n\t\t\t\t\t\t\t<\/div>\n\t\t<\/section>\n\t\t\t\t<section class=\"elementor-section elementor-top-section elementor-element elementor-element-0f7a5c3 elementor-section-boxed elementor-section-height-default elementor-section-height-default\" data-id=\"0f7a5c3\" data-element_type=\"section\">\n\t\t\t\t\t\t<div class=\"elementor-container elementor-column-gap-default\">\n\t\t\t\t\t<div class=\"elementor-column elementor-col-100 elementor-top-column elementor-element elementor-element-1d6b13f\" data-id=\"1d6b13f\" data-element_type=\"column\">\n\t\t\t<div class=\"elementor-widget-wrap elementor-element-populated\">\n\t\t\t\t\t\t\t\t<div class=\"elementor-element elementor-element-78cf17f elementor-hidden-phone elementor-widget elementor-widget-heading\" data-id=\"78cf17f\" data-element_type=\"widget\" data-widget_type=\"heading.default\">\n\t\t\t\t<div class=\"elementor-widget-container\">\n\t\t\t<span class=\"elementor-heading-title elementor-size-default\">AROUND MINORI<\/span>\t\t<\/div>\n\t\t\t\t<\/div>\n\t\t\t\t<div class=\"elementor-element elementor-element-e08077e elementor-widget elementor-widget-heading\" data-id=\"e08077e\" data-element_type=\"widget\" data-widget_type=\"heading.default\">\n\t\t\t\t<div class=\"elementor-widget-container\">\n\t\t\t<h4 class=\"elementor-heading-title elementor-size-default\">Cosa visitare<\/h4>\t\t<\/div>\n\t\t\t\t<\/div>\n\t\t\t\t<section class=\"elementor-section elementor-inner-section elementor-element elementor-element-7fa2d24 elementor-section-boxed elementor-section-height-default elementor-section-height-default\" data-id=\"7fa2d24\" data-element_type=\"section\">\n\t\t\t\t\t\t<div class=\"elementor-container elementor-column-gap-no\">\n\t\t\t\t\t<div class=\"elementor-column elementor-col-50 elementor-inner-column elementor-element elementor-element-3edaa7f6\" data-id=\"3edaa7f6\" data-element_type=\"column\">\n\t\t\t<div class=\"elementor-widget-wrap elementor-element-populated\">\n\t\t\t\t\t\t\t\t<div class=\"elementor-element elementor-element-42d59311 elementor-view-stacked elementor-vertical-align-middle elementor-shape-circle elementor-position-top elementor-widget elementor-widget-icon-box\" data-id=\"42d59311\" data-element_type=\"widget\" data-widget_type=\"icon-box.default\">\n\t\t\t\t<div class=\"elementor-widget-container\">\n\t\t\t\t\t<div class=\"elementor-icon-box-wrapper\">\n\t\t\t\t\t\t<div class=\"elementor-icon-box-icon\">\n\t\t\t\t<span class=\"elementor-icon elementor-animation-\" >\n\t\t\t\t<i aria-hidden=\"true\" class=\"fas fa-map-pin\"><\/i>\t\t\t\t<\/span>\n\t\t\t<\/div>\n\t\t\t\t\t\t<div class=\"elementor-icon-box-content\">\n\t\t\t\t<h3 class=\"elementor-icon-box-title\">\n\t\t\t\t\t<span >Basilica di Santa Trofimena<\/span>\n\t\t\t\t<\/h3>\n\t\t\t\t\t\t\t\t<p class=\"elementor-icon-box-description\">In stile tardo-settecentesco, fu edificata su un preesistente tempio, corrispondente all'attuale cripta. \u00c8 affiancata da un campanile quadrangolare in stile neoclassico. La struttura \u00e8 divisa in tre navate ed ospita preziosi dipinti e sculture, nonch\u00e9 una pala d'altare raffigurante la Crocifissione di Marco Pino da Siena (XVI secolo) ed il trono vescovile in marmo con baldacchino. In un'urna in alabastro sono conservate le spoglie di Santa Trofimena, martire siciliana, che la tradizione vuole siano state rinvenute sulla spiaggia di Minori tra il VI ed il VII secolo.<\/p>\n\t\t\t\t\t\t\t<\/div>\n\t\t<\/div>\n\t\t\t\t<\/div>\n\t\t\t\t<\/div>\n\t\t\t\t\t<\/div>\n\t\t<\/div>\n\t\t\t\t<div class=\"elementor-column elementor-col-50 elementor-inner-column elementor-element elementor-element-12723646\" data-id=\"12723646\" data-element_type=\"column\">\n\t\t\t<div class=\"elementor-widget-wrap elementor-element-populated\">\n\t\t\t\t\t\t\t\t<div class=\"elementor-element elementor-element-2f143e5f elementor-view-stacked elementor-vertical-align-middle elementor-shape-circle elementor-position-top elementor-widget elementor-widget-icon-box\" data-id=\"2f143e5f\" data-element_type=\"widget\" data-widget_type=\"icon-box.default\">\n\t\t\t\t<div class=\"elementor-widget-container\">\n\t\t\t\t\t<div class=\"elementor-icon-box-wrapper\">\n\t\t\t\t\t\t<div class=\"elementor-icon-box-icon\">\n\t\t\t\t<span class=\"elementor-icon elementor-animation-\" >\n\t\t\t\t<i aria-hidden=\"true\" class=\"fas fa-map-pin\"><\/i>\t\t\t\t<\/span>\n\t\t\t<\/div>\n\t\t\t\t\t\t<div class=\"elementor-icon-box-content\">\n\t\t\t\t<h3 class=\"elementor-icon-box-title\">\n\t\t\t\t\t<span >Villa Romana<\/span>\n\t\t\t\t<\/h3>\n\t\t\t\t\t\t\t\t<p class=\"elementor-icon-box-description\">La villa archeologica marittima risalente al I secolo d.C. \u00e8 uno splendido esempio dell'ingegno edile dell'epoca romana;. Conserva ancora tracce del peristilium, del viridarium, delle suspensurae di un ambiente riscaldato ed alcuni mosaici. All'interno dell'Antiquarium sono esposti la maggior parte dei ritrovamenti di epoca romana scoperti sia qui che nei paesi limitrofi.<\/p>\n\t\t\t\t\t\t\t<\/div>\n\t\t<\/div>\n\t\t\t\t<\/div>\n\t\t\t\t<\/div>\n\t\t\t\t\t<\/div>\n\t\t<\/div>\n\t\t\t\t\t\t\t<\/div>\n\t\t<\/section>\n\t\t\t\t<section class=\"elementor-section elementor-inner-section elementor-element elementor-element-fad2efc elementor-section-boxed elementor-section-height-default elementor-section-height-default\" data-id=\"fad2efc\" data-element_type=\"section\">\n\t\t\t\t\t\t<div class=\"elementor-container elementor-column-gap-no\">\n\t\t\t\t\t<div class=\"elementor-column elementor-col-50 elementor-inner-column elementor-element elementor-element-8a89ea1\" data-id=\"8a89ea1\" data-element_type=\"column\">\n\t\t\t<div class=\"elementor-widget-wrap elementor-element-populated\">\n\t\t\t\t\t\t\t\t<div class=\"elementor-element elementor-element-4ff0da7 elementor-view-stacked elementor-vertical-align-middle elementor-shape-circle elementor-position-top elementor-widget elementor-widget-icon-box\" data-id=\"4ff0da7\" data-element_type=\"widget\" data-widget_type=\"icon-box.default\">\n\t\t\t\t<div class=\"elementor-widget-container\">\n\t\t\t\t\t<div class=\"elementor-icon-box-wrapper\">\n\t\t\t\t\t\t<div class=\"elementor-icon-box-icon\">\n\t\t\t\t<span class=\"elementor-icon elementor-animation-\" >\n\t\t\t\t<i aria-hidden=\"true\" class=\"fas fa-map-pin\"><\/i>\t\t\t\t<\/span>\n\t\t\t<\/div>\n\t\t\t\t\t\t<div class=\"elementor-icon-box-content\">\n\t\t\t\t<h3 class=\"elementor-icon-box-title\">\n\t\t\t\t\t<span >Campanile dell'Annunziata<\/span>\n\t\t\t\t<\/h3>\n\t\t\t\t\t\t\t\t<p class=\"elementor-icon-box-description\">Risalente al XI secolo in stile arabo-normanno, situata nell'omonima contrada, \u00e8 l'ultima testimonianza dell'antica Chiesa dell'Annunziata, abbattuta nel 1950 per le sue condizioni fatiscenti. Dai ruderi della chiesa sono riconoscibili le due absidi ed i resti di un affresco raffigurante San Michele.<\/p>\n\t\t\t\t\t\t\t<\/div>\n\t\t<\/div>\n\t\t\t\t<\/div>\n\t\t\t\t<\/div>\n\t\t\t\t\t<\/div>\n\t\t<\/div>\n\t\t\t\t<div class=\"elementor-column elementor-col-50 elementor-inner-column elementor-element elementor-element-4e0c011\" data-id=\"4e0c011\" data-element_type=\"column\">\n\t\t\t<div class=\"elementor-widget-wrap elementor-element-populated\">\n\t\t\t\t\t\t\t\t<div class=\"elementor-element elementor-element-631b8ec elementor-view-stacked elementor-vertical-align-middle elementor-shape-circle elementor-position-top elementor-widget elementor-widget-icon-box\" data-id=\"631b8ec\" data-element_type=\"widget\" data-widget_type=\"icon-box.default\">\n\t\t\t\t<div class=\"elementor-widget-container\">\n\t\t\t\t\t<div class=\"elementor-icon-box-wrapper\">\n\t\t\t\t\t\t<div class=\"elementor-icon-box-icon\">\n\t\t\t\t<span class=\"elementor-icon elementor-animation-\" >\n\t\t\t\t<i aria-hidden=\"true\" class=\"fas fa-map-pin\"><\/i>\t\t\t\t<\/span>\n\t\t\t<\/div>\n\t\t\t\t\t\t<div class=\"elementor-icon-box-content\">\n\t\t\t\t<h3 class=\"elementor-icon-box-title\">\n\t\t\t\t\t<span >Convento e Chiesa di San Nicola<\/span>\n\t\t\t\t<\/h3>\n\t\t\t\t\t\t\t\t<p class=\"elementor-icon-box-description\">Risalenti al XI secolo, furono sede degli Agostiniani dal 1628. Sono situati sul Monte Forcella e sono raggiungibili attraverso un sentiero montano.<\/p>\n\t\t\t\t\t\t\t<\/div>\n\t\t<\/div>\n\t\t\t\t<\/div>\n\t\t\t\t<\/div>\n\t\t\t\t\t<\/div>\n\t\t<\/div>\n\t\t\t\t\t\t\t<\/div>\n\t\t<\/section>\n\t\t\t\t<section class=\"elementor-section elementor-inner-section elementor-element elementor-element-ff30fc6 elementor-section-boxed elementor-section-height-default elementor-section-height-default\" data-id=\"ff30fc6\" data-element_type=\"section\">\n\t\t\t\t\t\t<div class=\"elementor-container elementor-column-gap-no\">\n\t\t\t\t\t<div class=\"elementor-column elementor-col-50 elementor-inner-column elementor-element elementor-element-3c325db\" data-id=\"3c325db\" data-element_type=\"column\">\n\t\t\t<div class=\"elementor-widget-wrap elementor-element-populated\">\n\t\t\t\t\t\t\t\t<div class=\"elementor-element elementor-element-04338f8 elementor-view-stacked elementor-vertical-align-middle elementor-shape-circle elementor-position-top elementor-widget elementor-widget-icon-box\" data-id=\"04338f8\" data-element_type=\"widget\" data-widget_type=\"icon-box.default\">\n\t\t\t\t<div class=\"elementor-widget-container\">\n\t\t\t\t\t<div class=\"elementor-icon-box-wrapper\">\n\t\t\t\t\t\t<div class=\"elementor-icon-box-icon\">\n\t\t\t\t<span class=\"elementor-icon elementor-animation-\" >\n\t\t\t\t<i aria-hidden=\"true\" class=\"fas fa-map-pin\"><\/i>\t\t\t\t<\/span>\n\t\t\t<\/div>\n\t\t\t\t\t\t<div class=\"elementor-icon-box-content\">\n\t\t\t\t<h3 class=\"elementor-icon-box-title\">\n\t\t\t\t\t<span >Chiesa dei Santi Gennaro e Giuliano<\/span>\n\t\t\t\t<\/h3>\n\t\t\t\t\t\t\t\t<p class=\"elementor-icon-box-description\">La Chiesa \u00e8 situata nella contrada di Villa Amena. In stile barocco, \u00e8 divisa in tre navate con otto pilastri di cui gli ultimi due addossati all'altare centrale.\nIl portale d'ingresso \u00e8 sormontato da un medaglione affrescato rappresentante la Madonna.<\/p>\n\t\t\t\t\t\t\t<\/div>\n\t\t<\/div>\n\t\t\t\t<\/div>\n\t\t\t\t<\/div>\n\t\t\t\t\t<\/div>\n\t\t<\/div>\n\t\t\t\t<div class=\"elementor-column elementor-col-50 elementor-inner-column elementor-element elementor-element-4494c2f\" data-id=\"4494c2f\" data-element_type=\"column\">\n\t\t\t<div class=\"elementor-widget-wrap elementor-element-populated\">\n\t\t\t\t\t\t\t\t<div class=\"elementor-element elementor-element-c6a73b0 elementor-view-stacked elementor-vertical-align-middle elementor-shape-circle elementor-position-top elementor-widget elementor-widget-icon-box\" data-id=\"c6a73b0\" data-element_type=\"widget\" data-widget_type=\"icon-box.default\">\n\t\t\t\t<div class=\"elementor-widget-container\">\n\t\t\t\t\t<div class=\"elementor-icon-box-wrapper\">\n\t\t\t\t\t\t<div class=\"elementor-icon-box-icon\">\n\t\t\t\t<span class=\"elementor-icon elementor-animation-\" >\n\t\t\t\t<i aria-hidden=\"true\" class=\"fas fa-map-pin\"><\/i>\t\t\t\t<\/span>\n\t\t\t<\/div>\n\t\t\t\t\t\t<div class=\"elementor-icon-box-content\">\n\t\t\t\t<h3 class=\"elementor-icon-box-title\">\n\t\t\t\t\t<span >Chiesa della Madonna del Rosario<\/span>\n\t\t\t\t<\/h3>\n\t\t\t\t\t\t\t\t<p class=\"elementor-icon-box-description\">La chiesa, comunicante con la Chiesa dei Santi Gennaro e Giuliano, \u00e8 in stile barocco. Presenta un'unica navata coperta da volte a botte su cui \u00e8 accennato un motivo a cassettoni.<\/p>\n\t\t\t\t\t\t\t<\/div>\n\t\t<\/div>\n\t\t\t\t<\/div>\n\t\t\t\t<\/div>\n\t\t\t\t\t<\/div>\n\t\t<\/div>\n\t\t\t\t\t\t\t<\/div>\n\t\t<\/section>\n\t\t\t\t<section class=\"elementor-section elementor-inner-section elementor-element elementor-element-1456545 elementor-section-boxed elementor-section-height-default elementor-section-height-default\" data-id=\"1456545\" data-element_type=\"section\">\n\t\t\t\t\t\t<div class=\"elementor-container elementor-column-gap-no\">\n\t\t\t\t\t<div class=\"elementor-column elementor-col-50 elementor-inner-column elementor-element elementor-element-12b401b\" data-id=\"12b401b\" data-element_type=\"column\">\n\t\t\t<div class=\"elementor-widget-wrap elementor-element-populated\">\n\t\t\t\t\t\t\t\t<div class=\"elementor-element elementor-element-f69dbc9 elementor-view-stacked elementor-vertical-align-middle elementor-shape-circle elementor-position-top elementor-widget elementor-widget-icon-box\" data-id=\"f69dbc9\" data-element_type=\"widget\" data-widget_type=\"icon-box.default\">\n\t\t\t\t<div class=\"elementor-widget-container\">\n\t\t\t\t\t<div class=\"elementor-icon-box-wrapper\">\n\t\t\t\t\t\t<div class=\"elementor-icon-box-icon\">\n\t\t\t\t<span class=\"elementor-icon elementor-animation-\" >\n\t\t\t\t<i aria-hidden=\"true\" class=\"fas fa-map-pin\"><\/i>\t\t\t\t<\/span>\n\t\t\t<\/div>\n\t\t\t\t\t\t<div class=\"elementor-icon-box-content\">\n\t\t\t\t<h3 class=\"elementor-icon-box-title\">\n\t\t\t\t\t<span >Chiesa di San Giovanni Batista del Piezulo<\/span>\n\t\t\t\t<\/h3>\n\t\t\t\t\t\t\t\t<p class=\"elementor-icon-box-description\">Di epoca medievale, fu edificata dalla famiglia Brancia di Amalfi nel 1420. Anticamente affacciata sulla piazza pubblica; oggi \u00e8 circondata da un caseggiato che ne rende appena visibile il portale d'ingresso.<\/p>\n\t\t\t\t\t\t\t<\/div>\n\t\t<\/div>\n\t\t\t\t<\/div>\n\t\t\t\t<\/div>\n\t\t\t\t\t<\/div>\n\t\t<\/div>\n\t\t\t\t<div class=\"elementor-column elementor-col-50 elementor-inner-column elementor-element elementor-element-385e65b\" data-id=\"385e65b\" data-element_type=\"column\">\n\t\t\t<div class=\"elementor-widget-wrap elementor-element-populated\">\n\t\t\t\t\t\t\t\t<div class=\"elementor-element elementor-element-2bc5bfc elementor-view-stacked elementor-vertical-align-middle elementor-shape-circle elementor-position-top elementor-widget elementor-widget-icon-box\" data-id=\"2bc5bfc\" data-element_type=\"widget\" data-widget_type=\"icon-box.default\">\n\t\t\t\t<div class=\"elementor-widget-container\">\n\t\t\t\t\t<div class=\"elementor-icon-box-wrapper\">\n\t\t\t\t\t\t<div class=\"elementor-icon-box-icon\">\n\t\t\t\t<span class=\"elementor-icon elementor-animation-\" >\n\t\t\t\t<i aria-hidden=\"true\" class=\"fas fa-map-pin\"><\/i>\t\t\t\t<\/span>\n\t\t\t<\/div>\n\t\t\t\t\t\t<div class=\"elementor-icon-box-content\">\n\t\t\t\t<h3 class=\"elementor-icon-box-title\">\n\t\t\t\t\t<span >Chiesa di Santa Lucia<\/span>\n\t\t\t\t<\/h3>\n\t\t\t\t\t\t\t\t<p class=\"elementor-icon-box-description\">Risalente al X secolo, presenta un altare barocco, un coro ligneo e la tomba del fondatore, Giovanni Simone Palumbo, in marmo bianco con decorazioni in marmo scuro.<\/p>\n\t\t\t\t\t\t\t<\/div>\n\t\t<\/div>\n\t\t\t\t<\/div>\n\t\t\t\t<\/div>\n\t\t\t\t\t<\/div>\n\t\t<\/div>\n\t\t\t\t\t\t\t<\/div>\n\t\t<\/section>\n\t\t\t\t<section class=\"elementor-section elementor-inner-section elementor-element elementor-element-acd3dd3 elementor-section-boxed elementor-section-height-default elementor-section-height-default\" data-id=\"acd3dd3\" data-element_type=\"section\">\n\t\t\t\t\t\t<div class=\"elementor-container elementor-column-gap-no\">\n\t\t\t\t\t<div class=\"elementor-column elementor-col-50 elementor-inner-column elementor-element elementor-element-454e102\" data-id=\"454e102\" data-element_type=\"column\">\n\t\t\t<div class=\"elementor-widget-wrap elementor-element-populated\">\n\t\t\t\t\t\t\t\t<div class=\"elementor-element elementor-element-3cd59da elementor-view-stacked elementor-vertical-align-middle elementor-shape-circle elementor-position-top elementor-widget elementor-widget-icon-box\" data-id=\"3cd59da\" data-element_type=\"widget\" data-widget_type=\"icon-box.default\">\n\t\t\t\t<div class=\"elementor-widget-container\">\n\t\t\t\t\t<div class=\"elementor-icon-box-wrapper\">\n\t\t\t\t\t\t<div class=\"elementor-icon-box-icon\">\n\t\t\t\t<span class=\"elementor-icon elementor-animation-\" >\n\t\t\t\t<i aria-hidden=\"true\" class=\"fas fa-map-pin\"><\/i>\t\t\t\t<\/span>\n\t\t\t<\/div>\n\t\t\t\t\t\t<div class=\"elementor-icon-box-content\">\n\t\t\t\t<h3 class=\"elementor-icon-box-title\">\n\t\t\t\t\t<span >Chiesa e Congrega del Santissimo Sacramento<\/span>\n\t\t\t\t<\/h3>\n\t\t\t\t\t\t\t\t<p class=\"elementor-icon-box-description\"> Le sue origini risalgono al periodo medievale.<\/p>\n\t\t\t\t\t\t\t<\/div>\n\t\t<\/div>\n\t\t\t\t<\/div>\n\t\t\t\t<\/div>\n\t\t\t\t\t<\/div>\n\t\t<\/div>\n\t\t\t\t<div class=\"elementor-column elementor-col-50 elementor-inner-column elementor-element elementor-element-49bef26\" data-id=\"49bef26\" data-element_type=\"column\">\n\t\t\t<div class=\"elementor-widget-wrap elementor-element-populated\">\n\t\t\t\t\t\t\t\t<div class=\"elementor-element elementor-element-e2abb72 elementor-view-stacked elementor-vertical-align-middle elementor-shape-circle elementor-position-top elementor-widget elementor-widget-icon-box\" data-id=\"e2abb72\" data-element_type=\"widget\" data-widget_type=\"icon-box.default\">\n\t\t\t\t<div class=\"elementor-widget-container\">\n\t\t\t\t\t<div class=\"elementor-icon-box-wrapper\">\n\t\t\t\t\t\t<div class=\"elementor-icon-box-icon\">\n\t\t\t\t<span class=\"elementor-icon elementor-animation-\" >\n\t\t\t\t<i aria-hidden=\"true\" class=\"fas fa-map-pin\"><\/i>\t\t\t\t<\/span>\n\t\t\t<\/div>\n\t\t\t\t\t\t<div class=\"elementor-icon-box-content\">\n\t\t\t\t<h3 class=\"elementor-icon-box-title\">\n\t\t\t\t\t<span >Chiesa di San Michele Arcangelo<\/span>\n\t\t\t\t<\/h3>\n\t\t\t\t\t\t\t\t<p class=\"elementor-icon-box-description\">Situata nella contrada di Torre.<\/p>\n\t\t\t\t\t\t\t<\/div>\n\t\t<\/div>\n\t\t\t\t<\/div>\n\t\t\t\t<\/div>\n\t\t\t\t\t<\/div>\n\t\t<\/div>\n\t\t\t\t\t\t\t<\/div>\n\t\t<\/section>\n\t\t\t\t<section class=\"elementor-section elementor-inner-section elementor-element elementor-element-9f6079e elementor-section-boxed elementor-section-height-default elementor-section-height-default\" data-id=\"9f6079e\" data-element_type=\"section\">\n\t\t\t\t\t\t<div class=\"elementor-container elementor-column-gap-no\">\n\t\t\t\t\t<div class=\"elementor-column elementor-col-50 elementor-inner-column elementor-element elementor-element-43154a1\" data-id=\"43154a1\" data-element_type=\"column\">\n\t\t\t<div class=\"elementor-widget-wrap elementor-element-populated\">\n\t\t\t\t\t\t\t\t<div class=\"elementor-element elementor-element-7dd0a93 elementor-view-stacked elementor-vertical-align-middle elementor-shape-circle elementor-position-top elementor-widget elementor-widget-icon-box\" data-id=\"7dd0a93\" data-element_type=\"widget\" data-widget_type=\"icon-box.default\">\n\t\t\t\t<div class=\"elementor-widget-container\">\n\t\t\t\t\t<div class=\"elementor-icon-box-wrapper\">\n\t\t\t\t\t\t<div class=\"elementor-icon-box-icon\">\n\t\t\t\t<span class=\"elementor-icon elementor-animation-\" >\n\t\t\t\t<i aria-hidden=\"true\" class=\"fas fa-map-pin\"><\/i>\t\t\t\t<\/span>\n\t\t\t<\/div>\n\t\t\t\t\t\t<div class=\"elementor-icon-box-content\">\n\t\t\t\t<h3 class=\"elementor-icon-box-title\">\n\t\t\t\t\t<span >Grotta dell'Annunziata<\/span>\n\t\t\t\t<\/h3>\n\t\t\t\t\t\t\t\t<p class=\"elementor-icon-box-description\">Situata tra i comuni di Maiori e Minori, lungo la S.S. 163 \"Amalfitana\", veniva in origine adoperata dai pescatori per il ricovero delle barche. All'interno ci sono i resti di un'antica cappella dedicata alla Madonna ed un piccolo laghetto di acqua dolce.<\/p>\n\t\t\t\t\t\t\t<\/div>\n\t\t<\/div>\n\t\t\t\t<\/div>\n\t\t\t\t<\/div>\n\t\t\t\t\t<\/div>\n\t\t<\/div>\n\t\t\t\t<div class=\"elementor-column elementor-col-50 elementor-inner-column elementor-element elementor-element-f97ffed\" data-id=\"f97ffed\" data-element_type=\"column\">\n\t\t\t<div class=\"elementor-widget-wrap elementor-element-populated\">\n\t\t\t\t\t\t\t\t<div class=\"elementor-element elementor-element-91140b7 elementor-view-stacked elementor-vertical-align-middle elementor-shape-circle elementor-position-top elementor-widget elementor-widget-icon-box\" data-id=\"91140b7\" data-element_type=\"widget\" data-widget_type=\"icon-box.default\">\n\t\t\t\t<div class=\"elementor-widget-container\">\n\t\t\t\t\t<div class=\"elementor-icon-box-wrapper\">\n\t\t\t\t\t\t<div class=\"elementor-icon-box-icon\">\n\t\t\t\t<span class=\"elementor-icon elementor-animation-\" >\n\t\t\t\t<i aria-hidden=\"true\" class=\"fas fa-map-pin\"><\/i>\t\t\t\t<\/span>\n\t\t\t<\/div>\n\t\t\t\t\t\t<div class=\"elementor-icon-box-content\">\n\t\t\t\t<h3 class=\"elementor-icon-box-title\">\n\t\t\t\t\t<span >Torre Mezzacapo<\/span>\n\t\t\t\t<\/h3>\n\t\t\t\t\t\t\t\t<p class=\"elementor-icon-box-description\">Situata in localit\u00e0 Torricella, \u00e8 di epoca vicereale e con funzioni difensive e di avvistamento. \u00c8 inglobata nel complesso del Castello detto Miramare (o Mezzacapo, dal nome della famiglia che lo fece erigere), dalle forme che ricordano vagamente i castelli della Loira.<\/p>\n\t\t\t\t\t\t\t<\/div>\n\t\t<\/div>\n\t\t\t\t<\/div>\n\t\t\t\t<\/div>\n\t\t\t\t\t<\/div>\n\t\t<\/div>\n\t\t\t\t\t\t\t<\/div>\n\t\t<\/section>\n\t\t\t\t<section class=\"elementor-section elementor-inner-section elementor-element elementor-element-a20c709 elementor-section-boxed elementor-section-height-default elementor-section-height-default\" data-id=\"a20c709\" data-element_type=\"section\">\n\t\t\t\t\t\t<div class=\"elementor-container elementor-column-gap-no\">\n\t\t\t\t\t<div class=\"elementor-column elementor-col-50 elementor-inner-column elementor-element elementor-element-46b9144\" data-id=\"46b9144\" data-element_type=\"column\">\n\t\t\t<div class=\"elementor-widget-wrap elementor-element-populated\">\n\t\t\t\t\t\t\t\t<div class=\"elementor-element elementor-element-d0192e1 elementor-view-stacked elementor-vertical-align-middle elementor-shape-circle elementor-position-top elementor-widget elementor-widget-icon-box\" data-id=\"d0192e1\" data-element_type=\"widget\" data-widget_type=\"icon-box.default\">\n\t\t\t\t<div class=\"elementor-widget-container\">\n\t\t\t\t\t<div class=\"elementor-icon-box-wrapper\">\n\t\t\t\t\t\t<div class=\"elementor-icon-box-icon\">\n\t\t\t\t<span class=\"elementor-icon elementor-animation-\" >\n\t\t\t\t<i aria-hidden=\"true\" class=\"fas fa-map-pin\"><\/i>\t\t\t\t<\/span>\n\t\t\t<\/div>\n\t\t\t\t\t\t<div class=\"elementor-icon-box-content\">\n\t\t\t\t<h3 class=\"elementor-icon-box-title\">\n\t\t\t\t\t<span >Torre Paradiso<\/span>\n\t\t\t\t<\/h3>\n\t\t\t\t\t\t\t\t<p class=\"elementor-icon-box-description\">Di epoca vicereale, \u00e8 situata lungo la S.S. 163 \"Amalfitana\". La Torre era parte del complesso sistema difensivo della Costa d'Amalfi.<\/p>\n\t\t\t\t\t\t\t<\/div>\n\t\t<\/div>\n\t\t\t\t<\/div>\n\t\t\t\t<\/div>\n\t\t\t\t\t<\/div>\n\t\t<\/div>\n\t\t\t\t<div class=\"elementor-column elementor-col-50 elementor-inner-column elementor-element elementor-element-ee10872\" data-id=\"ee10872\" data-element_type=\"column\">\n\t\t\t<div class=\"elementor-widget-wrap elementor-element-populated\">\n\t\t\t\t\t\t\t\t<div class=\"elementor-element elementor-element-a70d77d elementor-view-stacked elementor-vertical-align-middle elementor-shape-circle elementor-position-top elementor-widget elementor-widget-icon-box\" data-id=\"a70d77d\" data-element_type=\"widget\" data-widget_type=\"icon-box.default\">\n\t\t\t\t<div class=\"elementor-widget-container\">\n\t\t\t\t\t<div class=\"elementor-icon-box-wrapper\">\n\t\t\t\t\t\t<div class=\"elementor-icon-box-icon\">\n\t\t\t\t<span class=\"elementor-icon elementor-animation-\" >\n\t\t\t\t<i aria-hidden=\"true\" class=\"fas fa-map-pin\"><\/i>\t\t\t\t<\/span>\n\t\t\t<\/div>\n\t\t\t\t\t\t<div class=\"elementor-icon-box-content\">\n\t\t\t\t<h3 class=\"elementor-icon-box-title\">\n\t\t\t\t\t<span >Fontana dei Leoni<\/span>\n\t\t\t\t<\/h3>\n\t\t\t\t\t\t\t\t<p class=\"elementor-icon-box-description\">Situata sul lungomare di Minori e risalente all'XI secolo.<\/p>\n\t\t\t\t\t\t\t<\/div>\n\t\t<\/div>\n\t\t\t\t<\/div>\n\t\t\t\t<\/div>\n\t\t\t\t\t<\/div>\n\t\t<\/div>\n\t\t\t\t\t\t\t<\/div>\n\t\t<\/section>\n\t\t\t\t\t<\/div>\n\t\t<\/div>\n\t\t\t\t\t\t\t<\/div>\n\t\t<\/section>\n\t\t\t\t<section class=\"elementor-section elementor-top-section elementor-element elementor-element-2ffa00e elementor-section-full_width elementor-section-content-bottom elementor-reverse-mobile elementor-section-height-default elementor-section-height-default\" data-id=\"2ffa00e\" data-element_type=\"section\" data-settings=\"{&quot;background_background&quot;:&quot;classic&quot;}\">\n\t\t\t\t\t\t<div class=\"elementor-container elementor-column-gap-no\">\n\t\t\t\t\t<div class=\"elementor-column elementor-col-50 elementor-top-column elementor-element elementor-element-a5de1eb\" data-id=\"a5de1eb\" data-element_type=\"column\">\n\t\t\t<div class=\"elementor-widget-wrap elementor-element-populated\">\n\t\t\t\t\t\t\t\t<section class=\"elementor-section elementor-inner-section elementor-element elementor-element-cf802a8 elementor-reverse-tablet elementor-reverse-mobile elementor-section-boxed elementor-section-height-default elementor-section-height-default\" data-id=\"cf802a8\" data-element_type=\"section\">\n\t\t\t\t\t\t<div class=\"elementor-container elementor-column-gap-default\">\n\t\t\t\t\t<div class=\"elementor-column elementor-col-100 elementor-inner-column elementor-element elementor-element-dee28d6\" data-id=\"dee28d6\" data-element_type=\"column\">\n\t\t\t<div class=\"elementor-widget-wrap elementor-element-populated\">\n\t\t\t\t\t\t\t\t<div class=\"elementor-element elementor-element-39e51a5 elementor-widget__width-auto elementor-widget-divider--view-line elementor-widget elementor-widget-divider\" data-id=\"39e51a5\" data-element_type=\"widget\" data-widget_type=\"divider.default\">\n\t\t\t\t<div class=\"elementor-widget-container\">\n\t\t\t\t\t<div class=\"elementor-divider\">\n\t\t\t<span class=\"elementor-divider-separator\">\n\t\t\t\t\t\t<\/span>\n\t\t<\/div>\n\t\t\t\t<\/div>\n\t\t\t\t<\/div>\n\t\t\t\t<div class=\"elementor-element elementor-element-1978d3f elementor-widget__width-auto elementor-widget elementor-widget-heading\" data-id=\"1978d3f\" data-element_type=\"widget\" data-widget_type=\"heading.default\">\n\t\t\t\t<div class=\"elementor-widget-container\">\n\t\t\t<h6 class=\"elementor-heading-title elementor-size-default\">attraverso<\/h6>\t\t<\/div>\n\t\t\t\t<\/div>\n\t\t\t\t<div class=\"elementor-element elementor-element-7be2f8b elementor-widget elementor-widget-heading\" data-id=\"7be2f8b\" data-element_type=\"widget\" data-widget_type=\"heading.default\">\n\t\t\t\t<div class=\"elementor-widget-container\">\n\t\t\t<h5 class=\"elementor-heading-title elementor-size-default\">Il Sentiero dei Limoni<\/h5>\t\t<\/div>\n\t\t\t\t<\/div>\n\t\t\t\t<div class=\"elementor-element elementor-element-c1fedb4 elementor-widget elementor-widget-text-editor\" data-id=\"c1fedb4\" data-element_type=\"widget\" data-widget_type=\"text-editor.default\">\n\t\t\t\t<div class=\"elementor-widget-container\">\n\t\t\t\t\t\t\t\t<p>Il Sentiero dei Limoni \u00e8 una semplice e suggestiva passeggiata che unisce i borghi di Minori e Maiori in Costiera Amalfitana.<\/p><p>Questo sentiero attraversa giardini e limoneti ed \u00e8 la via che un tempo e ancora oggi, contadini e muli attraversano per il trasporto dell\u2019oro giallo della Costiera: i limoni.<\/p><p>Si pu\u00f2 percorrere in entrambi i sensi, il percorso offre scorci bellissimi e viste panoramiche su Maiori e su Minori.\u00a0 Una pausa presso il belvedere della \u201cmortella\u201d, il nome dialettale del mirto, diffusissimo nella zona, permette di godere di una vista su Minori e scorgere in lontananza Ravello e Amalfi.<\/p>\t\t\t\t\t\t<\/div>\n\t\t\t\t<\/div>\n\t\t\t\t<div class=\"elementor-element elementor-element-c9ea68b elementor-widget elementor-widget-button\" data-id=\"c9ea68b\" data-element_type=\"widget\" data-widget_type=\"button.default\">\n\t\t\t\t<div class=\"elementor-widget-container\">\n\t\t\t\t\t<div class=\"elementor-button-wrapper\">\n\t\t\t<a href=\"https:\/\/www.costieraamalfitana.com\/il-sentiero-dei-limoni-da-maiori-a-minori-attraverso-il-villaggio-di-torre\/\" class=\"elementor-button-link elementor-button elementor-size-sm elementor-animation-grow\" role=\"button\">\n\t\t\t\t\t\t<span class=\"elementor-button-content-wrapper\">\n\t\t\t\t\t\t<span class=\"elementor-button-text\">Scopri di pi\u00f9<\/span>\n\t\t<\/span>\n\t\t\t\t\t<\/a>\n\t\t<\/div>\n\t\t\t\t<\/div>\n\t\t\t\t<\/div>\n\t\t\t\t\t<\/div>\n\t\t<\/div>\n\t\t\t\t\t\t\t<\/div>\n\t\t<\/section>\n\t\t\t\t\t<\/div>\n\t\t<\/div>\n\t\t\t\t<div class=\"elementor-column elementor-col-50 elementor-top-column elementor-element elementor-element-3a463d2\" data-id=\"3a463d2\" data-element_type=\"column\" data-settings=\"{&quot;background_background&quot;:&quot;classic&quot;}\">\n\t\t\t<div class=\"elementor-widget-wrap elementor-element-populated\">\n\t\t\t\t\t\t\t\t<section class=\"elementor-section elementor-inner-section elementor-element elementor-element-e96e960 elementor-section-content-middle elementor-section-boxed elementor-section-height-default elementor-section-height-default\" data-id=\"e96e960\" data-element_type=\"section\" data-settings=\"{&quot;background_background&quot;:&quot;classic&quot;}\">\n\t\t\t\t\t\t<div class=\"elementor-container elementor-column-gap-default\">\n\t\t\t\t\t<div class=\"elementor-column elementor-col-50 elementor-inner-column elementor-element elementor-element-b856bcd\" data-id=\"b856bcd\" data-element_type=\"column\">\n\t\t\t<div class=\"elementor-widget-wrap\">\n\t\t\t\t\t\t\t\t\t<\/div>\n\t\t<\/div>\n\t\t\t\t<div class=\"elementor-column elementor-col-50 elementor-inner-column elementor-element elementor-element-e460707\" data-id=\"e460707\" data-element_type=\"column\">\n\t\t\t<div class=\"elementor-widget-wrap\">\n\t\t\t\t\t\t\t\t\t<\/div>\n\t\t<\/div>\n\t\t\t\t\t\t\t<\/div>\n\t\t<\/section>\n\t\t\t\t\t<\/div>\n\t\t<\/div>\n\t\t\t\t\t\t\t<\/div>\n\t\t<\/section>\n\t\t\t\t<section class=\"elementor-section elementor-top-section elementor-element elementor-element-47130260 elementor-hidden-desktop elementor-hidden-tablet elementor-hidden-phone elementor-section-boxed elementor-section-height-default elementor-section-height-default\" data-id=\"47130260\" data-element_type=\"section\">\n\t\t\t\t\t\t<div class=\"elementor-container elementor-column-gap-no\">\n\t\t\t\t\t<div class=\"elementor-column elementor-col-100 elementor-top-column elementor-element elementor-element-484954d7\" data-id=\"484954d7\" data-element_type=\"column\">\n\t\t\t<div class=\"elementor-widget-wrap elementor-element-populated\">\n\t\t\t\t\t\t\t\t<div class=\"elementor-element elementor-element-51614e9 elementor-absolute elementor-widget elementor-widget-heading\" data-id=\"51614e9\" data-element_type=\"widget\" data-settings=\"{&quot;_position&quot;:&quot;absolute&quot;}\" data-widget_type=\"heading.default\">\n\t\t\t\t<div class=\"elementor-widget-container\">\n\t\t\t<span class=\"elementor-heading-title elementor-size-default\">MINORI<\/span>\t\t<\/div>\n\t\t\t\t<\/div>\n\t\t\t\t<div class=\"elementor-element elementor-element-570c2eed elementor-widget elementor-widget-heading\" data-id=\"570c2eed\" data-element_type=\"widget\" data-widget_type=\"heading.default\">\n\t\t\t\t<div class=\"elementor-widget-container\">\n\t\t\t<h2 class=\"elementor-heading-title elementor-size-default\">Galleria<\/h2>\t\t<\/div>\n\t\t\t\t<\/div>\n\t\t\t\t\t<\/div>\n\t\t<\/div>\n\t\t\t\t\t\t\t<\/div>\n\t\t<\/section>\n\t\t\t\t<section class=\"elementor-section elementor-top-section elementor-element elementor-element-294811a elementor-section-boxed elementor-section-height-default elementor-section-height-default\" data-id=\"294811a\" data-element_type=\"section\">\n\t\t\t\t\t\t<div class=\"elementor-container elementor-column-gap-narrow\">\n\t\t\t\t\t<div class=\"elementor-column elementor-col-100 elementor-top-column elementor-element elementor-element-fd4bd7f\" data-id=\"fd4bd7f\" data-element_type=\"column\">\n\t\t\t<div class=\"elementor-widget-wrap elementor-element-populated\">\n\t\t\t\t\t\t\t\t<div class=\"elementor-element elementor-element-5a9d0b1 elementor-widget elementor-widget-text-editor\" data-id=\"5a9d0b1\" data-element_type=\"widget\" data-widget_type=\"text-editor.default\">\n\t\t\t\t<div class=\"elementor-widget-container\">\n\t\t\t\t\t\t\t\t<p><style id=\"bwg-style-0\">    #bwg_container1_0 #bwg_container2_0 .bwg-container-0.bwg-standard-thumbnails {      width: 1604px;              justify-content: center;        margin:0 auto !important;              background-color: rgba(255, 255, 255, 0.00);            padding-left: 4px;      padding-top: 4px;      max-width: 100%;            }        #bwg_container1_0 #bwg_container2_0 .bwg-container-0.bwg-standard-thumbnails .bwg-item {      justify-content: flex-start;      max-width: 400px;          }    #bwg_container1_0 #bwg_container2_0 .bwg-container-0.bwg-standard-thumbnails .bwg-item > a {       margin-right: 4px;       margin-bottom: 4px;    }    #bwg_container1_0 #bwg_container2_0 .bwg-container-0.bwg-standard-thumbnails .bwg-item0 {      padding: 0px;            background-color:rgba(0,0,0, 0.30);      border: 0px none #CCCCCC;      opacity: 1.00;      border-radius: 0;      box-shadow: ;    }    #bwg_container1_0 #bwg_container2_0 .bwg-container-0.bwg-standard-thumbnails .bwg-item1 img {      max-height: none;      max-width: none;      padding: 0 !important;    }         @media only screen and (min-width: 480px) {\t\t#bwg_container1_0 #bwg_container2_0 .bwg-container-0.bwg-standard-thumbnails .bwg-item1 img {\t\t\t-webkit-transition: all .3s; transition: all .3s;\t\t}\t\t#bwg_container1_0 #bwg_container2_0 .bwg-container-0.bwg-standard-thumbnails .bwg-item1 img:hover {\t\t\t-ms-transform: scale(1.08);\t\t\t-webkit-transform: scale(1.08);\t\t\ttransform: scale(1.08);\t\t}\t\t      }\t    #bwg_container1_0 #bwg_container2_0 .bwg-container-0.bwg-standard-thumbnails .bwg-item1 {      padding-top: 66.75%;    }        #bwg_container1_0 #bwg_container2_0 .bwg-container-0.bwg-standard-thumbnails .bwg-title2,    #bwg_container1_0 #bwg_container2_0 .bwg-container-0.bwg-standard-thumbnails .bwg-ecommerce2 {      color: #323A45;      font-family: Ubuntu;      font-size: 16px;      font-weight: bold;      padding: 2px;      text-shadow: ;      max-height: 100%;    }    #bwg_container1_0 #bwg_container2_0 .bwg-container-0.bwg-standard-thumbnails .bwg-thumb-description span {    color: #323A45;    font-family: Ubuntu;    font-size: 12px;    max-height: 100%;    word-wrap: break-word;    }    #bwg_container1_0 #bwg_container2_0 .bwg-container-0.bwg-standard-thumbnails .bwg-play-icon2 {      font-size: 32px;    }    #bwg_container1_0 #bwg_container2_0 .bwg-container-0.bwg-standard-thumbnails .bwg-ecommerce2 {      font-size: 19.2px;      color: #323A45;    }    <\/style>    <div id=\"bwg_container1_0\"         class=\"bwg_container bwg_thumbnail bwg_thumbnails\"         data-right-click-protection=\"0\"         data-bwg=\"0\"         data-gallery-type=\"thumbnails\"         data-current-url=\"https:\/\/www.amalfiflat.it\/index.php?rest_route=%2Fwp%2Fv2%2Fpages%2F434\"         data-lightbox-url=\"https:\/\/www.amalfiflat.it\/wp-admin\/admin-ajax.php?action=GalleryBox&#038;current_view=0&#038;gallery_id=4&#038;tag=0&#038;theme_id=1&#038;shortcode_id=8&#038;sort_by=order&#038;order_by=asc&#038;current_url=https%3A%2F%2Fwww.amalfiflat.it%2Findex.php%3Frest_route%3D%252Fwp%252Fv2%252Fpages%252F434\"         data-gallery-id=\"4\"         data-popup-width=\"800\"         data-popup-height=\"500\"         data-is-album=\"gallery\"         data-buttons-position=\"bottom\">      <div id=\"bwg_container2_0\">             <div id=\"ajax_loading_0\" class=\"bwg_loading_div_1\">      <div class=\"bwg_loading_div_2\">        <div class=\"bwg_loading_div_3\">          <div id=\"loading_div_0\" class=\"bwg_spider_ajax_loading\">          <\/div>        <\/div>      <\/div>    <\/div>            <form id=\"gal_front_form_0\"              class=\"bwg-hidden\"              method=\"post\"              action=\"#\"              data-current=\"0\"              data-shortcode-id=\"8\"              data-gallery-type=\"thumbnails\"              data-gallery-id=\"4\"              data-tag=\"0\"              data-album-id=\"0\"              data-theme-id=\"1\"              data-ajax-url=\"https:\/\/www.amalfiflat.it\/wp-admin\/admin-ajax.php?action=bwg_frontend_data\">          <div id=\"bwg_container3_0\" class=\"bwg-background bwg-background-0\">                <div data-max-count=\"4\"         data-thumbnail-width=\"400\"         data-bwg=\"0\"         data-gallery-id=\"4\"         data-lightbox-url=\"https:\/\/www.amalfiflat.it\/wp-admin\/admin-ajax.php?action=GalleryBox&#038;current_view=0&#038;gallery_id=4&#038;tag=0&#038;theme_id=1&#038;shortcode_id=8&#038;sort_by=order&#038;order_by=asc&#038;current_url=https%3A%2F%2Fwww.amalfiflat.it%2Findex.php%3Frest_route%3D%252Fwp%252Fv2%252Fpages%252F434\"         id=\"bwg_thumbnails_0\"         class=\"bwg-container-0 bwg-thumbnails bwg-standard-thumbnails bwg-container bwg-border-box\">            <div class=\"bwg-item\">        <a class=\"bwg-a bwg_lightbox\"  data-image-id=\"51\" href=\"https:\/\/www.amalfiflat.it\/wp-content\/uploads\/photo-gallery\/amalfi_coast_destination_italy.jpg?bwg=1620731299\" data-elementor-open-lightbox=\"no\" >                <div class=\"bwg-item0 \">          <div class=\"bwg-item1 \">            <div class=\"bwg-item2\">              <img decoding=\"async\" class=\"skip-lazy bwg_standart_thumb_img_0 \"                   data-id=\"51\"                   data-width=\"500\"                   data-height=\"333\"                   data-original=\"https:\/\/www.amalfiflat.it\/wp-content\/uploads\/photo-gallery\/thumb\/amalfi_coast_destination_italy.jpg?bwg=1620731299\"                   src=\"https:\/\/www.amalfiflat.it\/wp-content\/uploads\/photo-gallery\/thumb\/amalfi_coast_destination_italy.jpg?bwg=1620731299\"                   alt=\"amalfi coast destination italy\" \/>            <\/div>            <div class=\"\">                                                      <\/div>          <\/div>        <\/div>                                <\/a>      <\/div>            <div class=\"bwg-item\">        <a class=\"bwg-a bwg_lightbox\"  data-image-id=\"50\" href=\"https:\/\/www.amalfiflat.it\/wp-content\/uploads\/photo-gallery\/minori_amalfi_coast_italy.jpg?bwg=1620731235\" data-elementor-open-lightbox=\"no\" >                <div class=\"bwg-item0 \">          <div class=\"bwg-item1 \">            <div class=\"bwg-item2\">              <img decoding=\"async\" class=\"skip-lazy bwg_standart_thumb_img_0 \"                   data-id=\"50\"                   data-width=\"500\"                   data-height=\"333\"                   data-original=\"https:\/\/www.amalfiflat.it\/wp-content\/uploads\/photo-gallery\/thumb\/minori_amalfi_coast_italy.jpg?bwg=1620731235\"                   src=\"https:\/\/www.amalfiflat.it\/wp-content\/uploads\/photo-gallery\/thumb\/minori_amalfi_coast_italy.jpg?bwg=1620731235\"                   alt=\"minori amalfi coast italy\" \/>            <\/div>            <div class=\"\">                                                      <\/div>          <\/div>        <\/div>                                <\/a>      <\/div>            <div class=\"bwg-item\">        <a class=\"bwg-a bwg_lightbox\"  data-image-id=\"49\" href=\"https:\/\/www.amalfiflat.it\/wp-content\/uploads\/photo-gallery\/borghi_costiera_amalfitana.jpg?bwg=1620730183\" data-elementor-open-lightbox=\"no\" >                <div class=\"bwg-item0 \">          <div class=\"bwg-item1 \">            <div class=\"bwg-item2\">              <img decoding=\"async\" class=\"skip-lazy bwg_standart_thumb_img_0 \"                   data-id=\"49\"                   data-width=\"500\"                   data-height=\"333\"                   data-original=\"https:\/\/www.amalfiflat.it\/wp-content\/uploads\/photo-gallery\/thumb\/borghi_costiera_amalfitana.jpg?bwg=1620730183\"                   src=\"https:\/\/www.amalfiflat.it\/wp-content\/uploads\/photo-gallery\/thumb\/borghi_costiera_amalfitana.jpg?bwg=1620730183\"                   alt=\"borghi costiera amalfitana\" \/>            <\/div>            <div class=\"\">                                                      <\/div>          <\/div>        <\/div>                                <\/a>      <\/div>            <div class=\"bwg-item\">        <a class=\"bwg-a bwg_lightbox\"  data-image-id=\"48\" href=\"https:\/\/www.amalfiflat.it\/wp-content\/uploads\/photo-gallery\/amalfi_coast_destination_holiday.jpg?bwg=1620730183\" data-elementor-open-lightbox=\"no\" >                <div class=\"bwg-item0 \">          <div class=\"bwg-item1 \">            <div class=\"bwg-item2\">              <img decoding=\"async\" class=\"skip-lazy bwg_standart_thumb_img_0 \"                   data-id=\"48\"                   data-width=\"500\"                   data-height=\"333\"                   data-original=\"https:\/\/www.amalfiflat.it\/wp-content\/uploads\/photo-gallery\/thumb\/amalfi_coast_destination_holiday.jpg?bwg=1620730183\"                   src=\"https:\/\/www.amalfiflat.it\/wp-content\/uploads\/photo-gallery\/thumb\/amalfi_coast_destination_holiday.jpg?bwg=1620730183\"                   alt=\"amalfi coast destination holiday\" \/>            <\/div>            <div class=\"\">                                                      <\/div>          <\/div>        <\/div>                                <\/a>      <\/div>            <div class=\"bwg-item\">        <a class=\"bwg-a bwg_lightbox\"  data-image-id=\"47\" href=\"https:\/\/www.amalfiflat.it\/wp-content\/uploads\/photo-gallery\/paesaggi_costiera_amalfitana.jpg?bwg=1620730183\" data-elementor-open-lightbox=\"no\" >                <div class=\"bwg-item0 \">          <div class=\"bwg-item1 \">            <div class=\"bwg-item2\">              <img decoding=\"async\" class=\"skip-lazy bwg_standart_thumb_img_0 \"                   data-id=\"47\"                   data-width=\"500\"                   data-height=\"333\"                   data-original=\"https:\/\/www.amalfiflat.it\/wp-content\/uploads\/photo-gallery\/thumb\/paesaggi_costiera_amalfitana.jpg?bwg=1620730183\"                   src=\"https:\/\/www.amalfiflat.it\/wp-content\/uploads\/photo-gallery\/thumb\/paesaggi_costiera_amalfitana.jpg?bwg=1620730183\"                   alt=\"paesaggi costiera amalfitana\" \/>            <\/div>            <div class=\"\">                                                      <\/div>          <\/div>        <\/div>                                <\/a>      <\/div>            <div class=\"bwg-item\">        <a class=\"bwg-a bwg_lightbox\"  data-image-id=\"46\" href=\"https:\/\/www.amalfiflat.it\/wp-content\/uploads\/photo-gallery\/vacanze_costiera_amalfitana.jpg?bwg=1620730183\" data-elementor-open-lightbox=\"no\" >                <div class=\"bwg-item0 \">          <div class=\"bwg-item1 \">            <div class=\"bwg-item2\">              <img decoding=\"async\" class=\"skip-lazy bwg_standart_thumb_img_0 \"                   data-id=\"46\"                   data-width=\"500\"                   data-height=\"333\"                   data-original=\"https:\/\/www.amalfiflat.it\/wp-content\/uploads\/photo-gallery\/thumb\/vacanze_costiera_amalfitana.jpg?bwg=1620730183\"                   src=\"https:\/\/www.amalfiflat.it\/wp-content\/uploads\/photo-gallery\/thumb\/vacanze_costiera_amalfitana.jpg?bwg=1620730183\"                   alt=\"vacanze costiera amalfitana\" \/>            <\/div>            <div class=\"\">                                                      <\/div>          <\/div>        <\/div>                                <\/a>      <\/div>            <div class=\"bwg-item\">        <a class=\"bwg-a bwg_lightbox\"  data-image-id=\"45\" href=\"https:\/\/www.amalfiflat.it\/wp-content\/uploads\/photo-gallery\/amalfi_coast_italy.jpg?bwg=1620730183\" data-elementor-open-lightbox=\"no\" >                <div class=\"bwg-item0 \">          <div class=\"bwg-item1 \">            <div class=\"bwg-item2\">              <img decoding=\"async\" class=\"skip-lazy bwg_standart_thumb_img_0 \"                   data-id=\"45\"                   data-width=\"500\"                   data-height=\"333\"                   data-original=\"https:\/\/www.amalfiflat.it\/wp-content\/uploads\/photo-gallery\/thumb\/amalfi_coast_italy.jpg?bwg=1620730183\"                   src=\"https:\/\/www.amalfiflat.it\/wp-content\/uploads\/photo-gallery\/thumb\/amalfi_coast_italy.jpg?bwg=1620730183\"                   alt=\"amalfi coast italy\" \/>            <\/div>            <div class=\"\">                                                      <\/div>          <\/div>        <\/div>                                <\/a>      <\/div>            <div class=\"bwg-item\">        <a class=\"bwg-a bwg_lightbox\"  data-image-id=\"44\" href=\"https:\/\/www.amalfiflat.it\/wp-content\/uploads\/photo-gallery\/amalfi_flat_costiera_amalfitana.jpg?bwg=1620730183\" data-elementor-open-lightbox=\"no\" >                <div class=\"bwg-item0 \">          <div class=\"bwg-item1 \">            <div class=\"bwg-item2\">              <img decoding=\"async\" class=\"skip-lazy bwg_standart_thumb_img_0 \"                   data-id=\"44\"                   data-width=\"500\"                   data-height=\"333\"                   data-original=\"https:\/\/www.amalfiflat.it\/wp-content\/uploads\/photo-gallery\/thumb\/amalfi_flat_costiera_amalfitana.jpg?bwg=1620730183\"                   src=\"https:\/\/www.amalfiflat.it\/wp-content\/uploads\/photo-gallery\/thumb\/amalfi_flat_costiera_amalfitana.jpg?bwg=1620730183\"                   alt=\"amalfi flat costiera amalfitana\" \/>            <\/div>            <div class=\"\">                                                      <\/div>          <\/div>        <\/div>                                <\/a>      <\/div>          <\/div>    <style>      \/*pagination styles*\/      #bwg_container1_0 #bwg_container2_0 .tablenav-pages_0 {      text-align: center;      font-size: 12px;      font-family: Ubuntu;      font-weight: bold;      color: #666666;      margin: 6px 0 4px;      display: block;      }      @media only screen and (max-width : 320px) {      #bwg_container1_0 #bwg_container2_0 .displaying-num_0 {      display: none;      }      }      #bwg_container1_0 #bwg_container2_0 .displaying-num_0 {      font-size: 12px;      font-family: Ubuntu;      font-weight: bold;      color: #666666;      margin-right: 10px;      vertical-align: middle;      }      #bwg_container1_0 #bwg_container2_0 .paging-input_0 {      font-size: 12px;      font-family: Ubuntu;      font-weight: bold;      color: #666666;      vertical-align: middle;      }      #bwg_container1_0 #bwg_container2_0 .tablenav-pages_0 a.disabled,      #bwg_container1_0 #bwg_container2_0 .tablenav-pages_0 a.disabled:hover,      #bwg_container1_0 #bwg_container2_0 .tablenav-pages_0 a.disabled:focus,\t\t\t#bwg_container1_0 #bwg_container2_0 .tablenav-pages_0 input.bwg_current_page {      cursor: default;      color: rgba(102, 102, 102, 0.5);      }      #bwg_container1_0 #bwg_container2_0 .tablenav-pages_0 a,      #bwg_container1_0 #bwg_container2_0 .tablenav-pages_0 input.bwg_current_page {      cursor: pointer;\t\t\t\ttext-align: center;      font-size: 12px;      font-family: Ubuntu;      font-weight: bold;      color: #666666;      text-decoration: none;      padding: 3px 6px;      margin: 0;      border-radius: 0;      border-style: solid;      border-width: 1px;      border-color: #E3E3E3;      background-color: #FFFFFF;      opacity: 1.00;      box-shadow: 0;      transition: all 0.3s ease 0s;-webkit-transition: all 0.3s ease 0s;      }      <\/style>      <span class=\"bwg_nav_cont_0\">              <div class=\"tablenav-pages_0\">                  <\/div>                <input type=\"hidden\" id=\"page_number_0\" name=\"page_number_0\" value=\"1\" \/>      <script type=\"text\/javascript\">        function spider_page_0(cur, x, y, load_more) {          if (typeof load_more == \"undefined\") {            var load_more = false;          }          if (jQuery(cur).hasClass('disabled')) {            return false;          }          var items_county_0 = 1;          switch (y) {            case 1:              if (x >= items_county_0) {                document.getElementById('page_number_0').value = items_county_0;              }              else {                document.getElementById('page_number_0').value = x + 1;              }              break;            case 2:              document.getElementById('page_number_0').value = items_county_0;              break;            case -1:              if (x == 1) {                document.getElementById('page_number_0').value = 1;              }              else {                document.getElementById('page_number_0').value = x - 1;              }              break;            case -2:              document.getElementById('page_number_0').value = 1;              break;\t\t\t\t\t\tcase 0:              document.getElementById('page_number_0').value = x;              break;            default:              document.getElementById('page_number_0').value = 1;          }          bwg_ajax('gal_front_form_0', '0', 'bwg_thumbnails_0', '0', '', 'gallery', 0, '', '', load_more, '', 1);        }                    jQuery('.first-page-0').on('click', function () {              spider_page_0(this, 1, -2, 'numeric');              return false;            });            jQuery('.prev-page-0').on('click', function () {              spider_page_0(this, 1, -1, 'numeric');              return false;            });            jQuery('.next-page-0').on('click', function () {              spider_page_0(this, 1, 1, 'numeric');              return false;            });            jQuery('.last-page-0').on('click', function () {              spider_page_0(this, 1, 2, 'numeric');              return false;            });        \t\t\t\t\/* Change page on input enter. *\/        function bwg_change_page_0( e, that ) {          if (  e.key == 'Enter' ) {            var to_page = parseInt(jQuery(that).val());            var pages_count = jQuery(that).parents(\".pagination-links\").data(\"pages-count\");            var current_url_param = jQuery(that).attr('data-url-info');            if (to_page > pages_count) {              to_page = 1;            }\t \t\t\t\t\t\t\t\t\t\t\t\tspider_page_0(this, to_page, 0, 'numeric');\t\t\t\t\t\t\treturn false;\t\t\t\t\t\t          }          return true;        }        jQuery('.bwg_load_btn_0').on('click', function () {            spider_page_0(this, 1, 1, true);            return false;        });      <\/script>      <\/span>                <\/div>        <\/form>          <style>          #bwg_container1_0 #bwg_container2_0 #spider_popup_overlay_0 {          background-color: #EEEEEE;          opacity: 0.60;          }          <\/style>        <div id=\"bwg_spider_popup_loading_0\" class=\"bwg_spider_popup_loading\"><\/div>        <div id=\"spider_popup_overlay_0\" class=\"spider_popup_overlay\" onclick=\"spider_destroypopup(1000)\"><\/div>        <input type=\"hidden\" id=\"bwg_random_seed_0\" value=\"281808618\">                <\/div>    <\/div>    <script>      if (document.readyState === 'complete') {        if( typeof bwg_main_ready == 'function' ) {          if ( jQuery(\"#bwg_container1_0\").height() ) {            bwg_main_ready(jQuery(\"#bwg_container1_0\"));          }        }      } else {        document.addEventListener('DOMContentLoaded', function() {          if( typeof bwg_main_ready == 'function' ) {            if ( jQuery(\"#bwg_container1_0\").height() ) {             bwg_main_ready(jQuery(\"#bwg_container1_0\"));            }          }        });      }    <\/script>    <\/p>\t\t\t\t\t\t<\/div>\n\t\t\t\t<\/div>\n\t\t\t\t\t<\/div>\n\t\t<\/div>\n\t\t\t\t\t\t\t<\/div>\n\t\t<\/section>\n\t\t\t\t<section class=\"elementor-section elementor-top-section elementor-element elementor-element-cda94c3 elementor-section-content-middle elementor-section-boxed elementor-section-height-default elementor-section-height-default\" data-id=\"cda94c3\" data-element_type=\"section\" data-settings=\"{&quot;background_background&quot;:&quot;classic&quot;}\">\n\t\t\t\t\t\t\t<div class=\"elementor-background-overlay\"><\/div>\n\t\t\t\t\t\t\t<div class=\"elementor-container elementor-column-gap-no\">\n\t\t\t\t\t<div class=\"elementor-column elementor-col-100 elementor-top-column elementor-element elementor-element-34a3e48b\" data-id=\"34a3e48b\" data-element_type=\"column\">\n\t\t\t<div class=\"elementor-widget-wrap elementor-element-populated\">\n\t\t\t\t\t\t\t\t<div class=\"elementor-element elementor-element-3e6fbdad elementor-widget-divider--view-line elementor-widget elementor-widget-divider\" data-id=\"3e6fbdad\" data-element_type=\"widget\" data-widget_type=\"divider.default\">\n\t\t\t\t<div class=\"elementor-widget-container\">\n\t\t\t\t\t<div class=\"elementor-divider\">\n\t\t\t<span class=\"elementor-divider-separator\">\n\t\t\t\t\t\t<\/span>\n\t\t<\/div>\n\t\t\t\t<\/div>\n\t\t\t\t<\/div>\n\t\t\t\t<section class=\"elementor-section elementor-inner-section elementor-element elementor-element-72974c45 elementor-section-height-min-height elementor-section-content-bottom elementor-section-boxed elementor-section-height-default\" data-id=\"72974c45\" data-element_type=\"section\">\n\t\t\t\t\t\t<div class=\"elementor-container elementor-column-gap-default\">\n\t\t\t\t\t<div class=\"elementor-column elementor-col-50 elementor-inner-column elementor-element elementor-element-27ed5b97\" data-id=\"27ed5b97\" data-element_type=\"column\" data-settings=\"{&quot;background_background&quot;:&quot;classic&quot;}\">\n\t\t\t<div class=\"elementor-widget-wrap elementor-element-populated\">\n\t\t\t\t\t<div class=\"elementor-background-overlay\"><\/div>\n\t\t\t\t\t\t\t\t<div class=\"elementor-element elementor-element-63a864f8 elementor-widget elementor-widget-heading\" data-id=\"63a864f8\" data-element_type=\"widget\" data-widget_type=\"heading.default\">\n\t\t\t\t<div class=\"elementor-widget-container\">\n\t\t\t<h3 class=\"elementor-heading-title elementor-size-default\">Escursioni<\/h3>\t\t<\/div>\n\t\t\t\t<\/div>\n\t\t\t\t<div class=\"elementor-element elementor-element-6e3e3aa1 elementor-widget elementor-widget-button\" data-id=\"6e3e3aa1\" data-element_type=\"widget\" data-widget_type=\"button.default\">\n\t\t\t\t<div class=\"elementor-widget-container\">\n\t\t\t\t\t<div class=\"elementor-button-wrapper\">\n\t\t\t<a href=\"https:\/\/www.amalfiflat.it\/?p=426\" class=\"elementor-button-link elementor-button elementor-size-sm elementor-animation-grow\" role=\"button\">\n\t\t\t\t\t\t<span class=\"elementor-button-content-wrapper\">\n\t\t\t\t\t\t<span class=\"elementor-button-text\">Scopri<\/span>\n\t\t<\/span>\n\t\t\t\t\t<\/a>\n\t\t<\/div>\n\t\t\t\t<\/div>\n\t\t\t\t<\/div>\n\t\t\t\t\t<\/div>\n\t\t<\/div>\n\t\t\t\t<div class=\"elementor-column elementor-col-50 elementor-inner-column elementor-element elementor-element-726060f\" data-id=\"726060f\" data-element_type=\"column\" data-settings=\"{&quot;background_background&quot;:&quot;classic&quot;}\">\n\t\t\t<div class=\"elementor-widget-wrap elementor-element-populated\">\n\t\t\t\t\t<div class=\"elementor-background-overlay\"><\/div>\n\t\t\t\t\t\t\t\t<div class=\"elementor-element elementor-element-35ebf6c6 elementor-widget elementor-widget-heading\" data-id=\"35ebf6c6\" data-element_type=\"widget\" data-widget_type=\"heading.default\">\n\t\t\t\t<div class=\"elementor-widget-container\">\n\t\t\t<h3 class=\"elementor-heading-title elementor-size-default\">Escursioni in barca<\/h3>\t\t<\/div>\n\t\t\t\t<\/div>\n\t\t\t\t<div class=\"elementor-element elementor-element-1916429e elementor-widget elementor-widget-button\" data-id=\"1916429e\" data-element_type=\"widget\" data-widget_type=\"button.default\">\n\t\t\t\t<div class=\"elementor-widget-container\">\n\t\t\t\t\t<div class=\"elementor-button-wrapper\">\n\t\t\t<a href=\"https:\/\/www.amalfiflat.it\/?p=985\" class=\"elementor-button-link elementor-button elementor-size-sm elementor-animation-grow\" role=\"button\">\n\t\t\t\t\t\t<span class=\"elementor-button-content-wrapper\">\n\t\t\t\t\t\t<span class=\"elementor-button-text\">Scopri<\/span>\n\t\t<\/span>\n\t\t\t\t\t<\/a>\n\t\t<\/div>\n\t\t\t\t<\/div>\n\t\t\t\t<\/div>\n\t\t\t\t\t<\/div>\n\t\t<\/div>\n\t\t\t\t\t\t\t<\/div>\n\t\t<\/section>\n\t\t\t\t<div class=\"elementor-element elementor-element-6fedc63a elementor-widget-divider--view-line elementor-widget elementor-widget-divider\" data-id=\"6fedc63a\" data-element_type=\"widget\" data-widget_type=\"divider.default\">\n\t\t\t\t<div class=\"elementor-widget-container\">\n\t\t\t\t\t<div class=\"elementor-divider\">\n\t\t\t<span class=\"elementor-divider-separator\">\n\t\t\t\t\t\t<\/span>\n\t\t<\/div>\n\t\t\t\t<\/div>\n\t\t\t\t<\/div>\n\t\t\t\t\t<\/div>\n\t\t<\/div>\n\t\t\t\t\t\t\t<\/div>\n\t\t<\/section>\n\t\t\t\t<section class=\"elementor-section elementor-top-section elementor-element elementor-element-8e439f1 elementor-section-boxed elementor-section-height-default elementor-section-height-default\" data-id=\"8e439f1\" data-element_type=\"section\">\n\t\t\t\t\t\t<div class=\"elementor-container elementor-column-gap-default\">\n\t\t\t\t\t<div class=\"elementor-column elementor-col-100 elementor-top-column elementor-element elementor-element-13fe9dc\" data-id=\"13fe9dc\" data-element_type=\"column\">\n\t\t\t<div class=\"elementor-widget-wrap elementor-element-populated\">\n\t\t\t\t\t\t\t\t<div class=\"elementor-element elementor-element-bee8ac4 elementor-widget elementor-widget-text-editor\" data-id=\"bee8ac4\" data-element_type=\"widget\" data-widget_type=\"text-editor.default\">\n\t\t\t\t<div class=\"elementor-widget-container\">\n\t\t\t\t\t\t\t\t<p>Foto a cura di Enrico Capuano Photography &#8211; <a href=\"https:\/\/www.amalficoastwedding.photos\/enrico-capuano-fotografo.html\">www.amalficoastwedding.photos<\/a><\/p>\t\t\t\t\t\t<\/div>\n\t\t\t\t<\/div>\n\t\t\t\t\t<\/div>\n\t\t<\/div>\n\t\t\t\t\t\t\t<\/div>\n\t\t<\/section>\n\t\t\t\t\t\t<\/div>\n\t\t\t\t\t<\/div>\n\t\t","protected":false},"excerpt":{"rendered":"<p>MINORI Minori nel cuore della Costiera Amalfitana Minori nel cuore della Costiera Amalfitana Minori \u00e8 un incantevole borgo marinaro della Costiera Amalfitana, la sua posizione privilegiata e il suo clima temperato la rendono la meta perfetta per trascorrere le vacanze. Passeggiare tra le sue stradine, essere travolti dal profumo delle zagare e dalle specialit\u00e0 della &hellip;<\/p>\n<p class=\"read-more\"> <a class=\"\" href=\"https:\/\/www.amalfiflat.it\/?page_id=434\"> <span class=\"screen-reader-text\">Minori<\/span> Leggi altro &raquo;<\/a><\/p>\n","protected":false},"author":1,"featured_media":0,"parent":0,"menu_order":0,"comment_status":"closed","ping_status":"closed","template":"","meta":{"footnotes":""},"class_list":["post-434","page","type-page","status-publish","hentry"],"yoast_head":"<!-- This site is optimized with the Yoast SEO plugin v16.3 - https:\/\/yoast.com\/wordpress\/plugins\/seo\/ -->\r\n<title>Minori in Costiera Amalfitana - Appartamenti Amalfi Flat<\/title>\r\n<meta name=\"description\" content=\"Minori in Costiera Amalfitana, suggestivo borgo marinaro per trascorrere una vacanza al mare e nel cuore della Costa d&#039;Amalfi.\" \/>\r\n<meta name=\"robots\" content=\"index, follow, max-snippet:-1, max-image-preview:large, max-video-preview:-1\" \/>\r\n<link rel=\"canonical\" href=\"https:\/\/www.amalfiflat.it\/?page_id=434\" \/>\r\n<meta property=\"og:locale\" content=\"it_IT\" \/>\r\n<meta property=\"og:type\" content=\"article\" \/>\r\n<meta property=\"og:title\" content=\"Minori in Costiera Amalfitana - Appartamenti Amalfi Flat\" \/>\r\n<meta property=\"og:description\" content=\"Minori in Costiera Amalfitana, suggestivo borgo marinaro per trascorrere una vacanza al mare e nel cuore della Costa d&#039;Amalfi.\" \/>\r\n<meta property=\"og:url\" content=\"https:\/\/www.amalfiflat.it\/?page_id=434\" \/>\r\n<meta property=\"og:site_name\" content=\"Amalfi Flat\" \/>\r\n<meta property=\"article:modified_time\" content=\"2021-05-22T10:17:59+00:00\" \/>\r\n<meta name=\"twitter:card\" content=\"summary_large_image\" \/>\r\n<meta name=\"twitter:label1\" content=\"Tempo di lettura stimato\">\n\t<meta name=\"twitter:data1\" content=\"4 minuti\">\r\n<script type=\"application\/ld+json\" class=\"yoast-schema-graph\">{\"@context\":\"https:\/\/schema.org\",\"@graph\":[{\"@type\":\"WebSite\",\"@id\":\"https:\/\/www.amalfiflat.it\/#website\",\"url\":\"https:\/\/www.amalfiflat.it\/\",\"name\":\"Amalfi Flat\",\"description\":\"Holiday Apartments on the Amalfi Coast\",\"potentialAction\":[{\"@type\":\"SearchAction\",\"target\":\"https:\/\/www.amalfiflat.it\/?s={search_term_string}\",\"query-input\":\"required name=search_term_string\"}],\"inLanguage\":\"it-IT\"},{\"@type\":\"WebPage\",\"@id\":\"https:\/\/www.amalfiflat.it\/?page_id=434#webpage\",\"url\":\"https:\/\/www.amalfiflat.it\/?page_id=434\",\"name\":\"Minori in Costiera Amalfitana - Appartamenti Amalfi Flat\",\"isPartOf\":{\"@id\":\"https:\/\/www.amalfiflat.it\/#website\"},\"datePublished\":\"2021-03-18T15:06:35+00:00\",\"dateModified\":\"2021-05-22T10:17:59+00:00\",\"description\":\"Minori in Costiera Amalfitana, suggestivo borgo marinaro per trascorrere una vacanza al mare e nel cuore della Costa d'Amalfi.\",\"breadcrumb\":{\"@id\":\"https:\/\/www.amalfiflat.it\/?page_id=434#breadcrumb\"},\"inLanguage\":\"it-IT\",\"potentialAction\":[{\"@type\":\"ReadAction\",\"target\":[\"https:\/\/www.amalfiflat.it\/?page_id=434\"]}]},{\"@type\":\"BreadcrumbList\",\"@id\":\"https:\/\/www.amalfiflat.it\/?page_id=434#breadcrumb\",\"itemListElement\":[{\"@type\":\"ListItem\",\"position\":1,\"item\":{\"@type\":\"WebPage\",\"@id\":\"https:\/\/www.amalfiflat.it\/\",\"url\":\"https:\/\/www.amalfiflat.it\/\",\"name\":\"Home\"}},{\"@type\":\"ListItem\",\"position\":2,\"item\":{\"@id\":\"https:\/\/www.amalfiflat.it\/?page_id=434#webpage\"}}]}]}<\/script>\r\n<!-- \/ Yoast SEO plugin. -->","_links":{"self":[{"href":"https:\/\/www.amalfiflat.it\/index.php?rest_route=\/wp\/v2\/pages\/434","targetHints":{"allow":["GET"]}}],"collection":[{"href":"https:\/\/www.amalfiflat.it\/index.php?rest_route=\/wp\/v2\/pages"}],"about":[{"href":"https:\/\/www.amalfiflat.it\/index.php?rest_route=\/wp\/v2\/types\/page"}],"author":[{"embeddable":true,"href":"https:\/\/www.amalfiflat.it\/index.php?rest_route=\/wp\/v2\/users\/1"}],"replies":[{"embeddable":true,"href":"https:\/\/www.amalfiflat.it\/index.php?rest_route=%2Fwp%2Fv2%2Fcomments&post=434"}],"version-history":[{"count":369,"href":"https:\/\/www.amalfiflat.it\/index.php?rest_route=\/wp\/v2\/pages\/434\/revisions"}],"predecessor-version":[{"id":3766,"href":"https:\/\/www.amalfiflat.it\/index.php?rest_route=\/wp\/v2\/pages\/434\/revisions\/3766"}],"wp:attachment":[{"href":"https:\/\/www.amalfiflat.it\/index.php?rest_route=%2Fwp%2Fv2%2Fmedia&parent=434"}],"curies":[{"name":"wp","href":"https:\/\/api.w.org\/{rel}","templated":true}]}}